{"id":29075,"date":"2021-08-10T20:39:47","date_gmt":"2021-08-11T00:39:47","guid":{"rendered":"https:\/\/tclgdev.wpenginepowered.com\/podcast\/the-legal-zone-s1e3-steps-for-employers-to-take-to-mitigate-risk\/"},"modified":"2026-03-09T12:47:44","modified_gmt":"2026-03-09T16:47:44","slug":"la-zona-legal-s1e3-medidas-que-deben-tomar-los-empleadores-para-mitigar-el-riesgo","status":"publish","type":"podcast","link":"https:\/\/tclgfirm.com\/es\/podcast\/the-legal-zone-s1e3-steps-for-employers-to-take-to-mitigate-risk\/","title":{"rendered":"La Zona Legal (S1:E3): Medidas que deben adoptar los empresarios para mitigar los riesgos"},"content":{"rendered":"<p><iframe loading=\"lazy\" title=\"The Legal Zone (Temporada 1, Episodio 3): Medidas que deben tomar los empleadores para mitigar el riesgo\" width=\"1080\" height=\"608\" src=\"https:\/\/www.youtube.com\/embed\/mxJMtVgk9jM?feature=oembed\"  allow=\"accelerometer; autoplay; clipboard-write; encrypted-media; gyroscope; picture-in-picture; web-share\" referrerpolicy=\"strict-origin-when-cross-origin\" allowfullscreen><\/iframe><\/p>\n<p>&nbsp;<\/p>\n<p>La abogada Regina Campbell, de The Campbell Law Group, PA, se dirige directamente a usted desde la hermosa ciudad de Coral Gables, Florida. En este video, la Sra. Campbell habla sobre las reclamaciones por horas extras, la clasificaci\u00f3n err\u00f3nea de los empleados, la importancia de los registros de control de horarios y las pol\u00edticas empresariales fundamentales, incluidas las relacionadas con la COVID-19. Si usted es empleador, \u00a1no se pierda este video!<\/p>\n<p>Campbell Law Group P.A., al representar a clientes en asuntos civiles, corporativos, comerciales, laborales o de derecho familiar, el objetivo principal de nuestra empresa es, en primer lugar, ayudar a los clientes a minimizar la necesidad de litigios y conflictos innecesarios siempre que sea posible. Si el litigio es necesario, nuestra empresa est\u00e1 m\u00e1s que capacitada para representar sus intereses o los de su empresa y ayudarle a lograr un resultado justo, al tiempo que le gu\u00eda a usted, a su familia y a su empresa a trav\u00e9s de las dificultades que conlleva el litigio.<\/p>","protected":false},"excerpt":{"rendered":"<p>En este video, la abogada Regina Campbell, de The Campbell Law Group, PA, analiza las reclamaciones por horas extras, la clasificaci\u00f3n err\u00f3nea de los empleados, la importancia de los registros de control horario y las pol\u00edticas empresariales fundamentales, incluidas las relacionadas con la COVID-19.<\/p>","protected":false},"featured_media":29076,"template":"","format":"standard","meta":{"_acf_changed":false},"categories":[12,49,50],"tags":[63],"class_list":["post-29075","podcast","type-podcast","status-publish","format-standard","has-post-thumbnail","hentry","category-employment-law-employer-based-representation","category-podcasts","category-the-legal-zone-podcast","tag-the-legal-zone-podcast"],"acf":[],"yoast_head":"<!-- This site is optimized with the Yoast SEO Premium plugin v27.5 (Yoast SEO v27.5) - https:\/\/yoast.com\/product\/yoast-seo-premium-wordpress\/ -->\n<title>The Legal Zone (S1:E3): Steps for Employers to Take to Mitigate Risk - TCLG - The Campbell Law Group<\/title>\n<meta name=\"robots\" content=\"index, follow, max-snippet:-1, max-image-preview:large, max-video-preview:-1\" \/>\n<link rel=\"canonical\" href=\"https:\/\/tclgfirm.com\/es\/podcast\/la-zona-legal-s1e3-medidas-que-deben-tomar-los-empleadores-para-mitigar-el-riesgo\/\" \/>\n<meta property=\"og:locale\" content=\"es_MX\" \/>\n<meta property=\"og:type\" content=\"article\" \/>\n<meta property=\"og:title\" content=\"The Legal Zone (S1:E3): Steps for Employers to Take to Mitigate Risk\" \/>\n<meta property=\"og:description\" content=\"In this video, Attorney Regina Campbell, of The Campbell Law Group, PA, discusses overtime claims, misclassification of employees, the importance of timekeeping records, and crucial company policies, including Covid-related policies.\" \/>\n<meta property=\"og:url\" content=\"https:\/\/tclgfirm.com\/es\/podcast\/la-zona-legal-s1e3-medidas-que-deben-tomar-los-empleadores-para-mitigar-el-riesgo\/\" \/>\n<meta property=\"og:site_name\" content=\"TCLG - The Campbell Law Group\" \/>\n<meta property=\"article:publisher\" content=\"https:\/\/www.facebook.com\/businessattorneymiami\/\" \/>\n<meta property=\"article:modified_time\" content=\"2026-03-09T16:47:44+00:00\" \/>\n<meta property=\"og:image\" content=\"https:\/\/tclgfirm.com\/wp-content\/uploads\/2025\/10\/the-legal-zone-season-1-episode-3-steps-for-employers-to-take-to-mitigate-risk-mxJMtVgk9jM.jpg\" \/>\n\t<meta property=\"og:image:width\" content=\"1280\" \/>\n\t<meta property=\"og:image:height\" content=\"720\" \/>\n\t<meta property=\"og:image:type\" content=\"image\/jpeg\" \/>\n<meta name=\"twitter:card\" content=\"summary_large_image\" \/>\n<meta name=\"twitter:site\" content=\"@Campbelllawgrp\" \/>\n<meta name=\"twitter:label1\" content=\"Est. reading time\" \/>\n\t<meta name=\"twitter:data1\" content=\"1 minuto\" \/>\n<script type=\"application\/ld+json\" class=\"yoast-schema-graph\">{\"@context\":\"https:\\\/\\\/schema.org\",\"@graph\":[{\"@type\":\"WebPage\",\"@id\":\"https:\\\/\\\/tclgfirm.com\\\/podcast\\\/the-legal-zone-s1e3-steps-for-employers-to-take-to-mitigate-risk\\\/\",\"url\":\"https:\\\/\\\/tclgfirm.com\\\/podcast\\\/the-legal-zone-s1e3-steps-for-employers-to-take-to-mitigate-risk\\\/\",\"name\":\"The Legal Zone (S1:E3): Steps for Employers to Take to Mitigate Risk - TCLG - The Campbell Law Group\",\"isPartOf\":{\"@id\":\"https:\\\/\\\/tclgfirm.com\\\/#website\"},\"primaryImageOfPage\":{\"@id\":\"https:\\\/\\\/tclgfirm.com\\\/podcast\\\/the-legal-zone-s1e3-steps-for-employers-to-take-to-mitigate-risk\\\/#primaryimage\"},\"image\":{\"@id\":\"https:\\\/\\\/tclgfirm.com\\\/podcast\\\/the-legal-zone-s1e3-steps-for-employers-to-take-to-mitigate-risk\\\/#primaryimage\"},\"thumbnailUrl\":\"https:\\\/\\\/tclgfirm.com\\\/wp-content\\\/uploads\\\/2025\\\/10\\\/the-legal-zone-season-1-episode-3-steps-for-employers-to-take-to-mitigate-risk-mxJMtVgk9jM.jpg\",\"datePublished\":\"2021-08-11T00:39:47+00:00\",\"dateModified\":\"2026-03-09T16:47:44+00:00\",\"breadcrumb\":{\"@id\":\"https:\\\/\\\/tclgfirm.com\\\/podcast\\\/the-legal-zone-s1e3-steps-for-employers-to-take-to-mitigate-risk\\\/#breadcrumb\"},\"inLanguage\":\"es\",\"potentialAction\":[{\"@type\":\"ReadAction\",\"target\":[\"https:\\\/\\\/tclgfirm.com\\\/podcast\\\/the-legal-zone-s1e3-steps-for-employers-to-take-to-mitigate-risk\\\/\"]}]},{\"@type\":\"ImageObject\",\"inLanguage\":\"es\",\"@id\":\"https:\\\/\\\/tclgfirm.com\\\/podcast\\\/the-legal-zone-s1e3-steps-for-employers-to-take-to-mitigate-risk\\\/#primaryimage\",\"url\":\"https:\\\/\\\/tclgfirm.com\\\/wp-content\\\/uploads\\\/2025\\\/10\\\/the-legal-zone-season-1-episode-3-steps-for-employers-to-take-to-mitigate-risk-mxJMtVgk9jM.jpg\",\"contentUrl\":\"https:\\\/\\\/tclgfirm.com\\\/wp-content\\\/uploads\\\/2025\\\/10\\\/the-legal-zone-season-1-episode-3-steps-for-employers-to-take-to-mitigate-risk-mxJMtVgk9jM.jpg\",\"width\":1280,\"height\":720},{\"@type\":\"BreadcrumbList\",\"@id\":\"https:\\\/\\\/tclgfirm.com\\\/podcast\\\/the-legal-zone-s1e3-steps-for-employers-to-take-to-mitigate-risk\\\/#breadcrumb\",\"itemListElement\":[{\"@type\":\"ListItem\",\"position\":1,\"name\":\"Home\",\"item\":\"https:\\\/\\\/tclgfirm.com\\\/\"},{\"@type\":\"ListItem\",\"position\":2,\"name\":\"The Legal Zone (S1:E3): Steps for Employers to Take to Mitigate Risk\"}]},{\"@type\":\"WebSite\",\"@id\":\"https:\\\/\\\/tclgfirm.com\\\/#website\",\"url\":\"https:\\\/\\\/tclgfirm.com\\\/\",\"name\":\"TCLG Business & Corporate Law\",\"description\":\"Business &amp; Corporate Law\",\"publisher\":{\"@id\":\"https:\\\/\\\/tclgfirm.com\\\/#organization\"},\"potentialAction\":[{\"@type\":\"SearchAction\",\"target\":{\"@type\":\"EntryPoint\",\"urlTemplate\":\"https:\\\/\\\/tclgfirm.com\\\/?s={search_term_string}\"},\"query-input\":{\"@type\":\"PropertyValueSpecification\",\"valueRequired\":true,\"valueName\":\"search_term_string\"}}],\"inLanguage\":\"es\"},{\"@type\":\"Organization\",\"@id\":\"https:\\\/\\\/tclgfirm.com\\\/#organization\",\"name\":\"The Campbell Law Group\",\"alternateName\":\"TCLG\",\"url\":\"https:\\\/\\\/tclgfirm.com\\\/\",\"logo\":{\"@type\":\"ImageObject\",\"inLanguage\":\"es\",\"@id\":\"https:\\\/\\\/tclgfirm.com\\\/#\\\/schema\\\/logo\\\/image\\\/\",\"url\":\"https:\\\/\\\/tclgfirm.com\\\/wp-content\\\/uploads\\\/2025\\\/11\\\/logo-yoast.png\",\"contentUrl\":\"https:\\\/\\\/tclgfirm.com\\\/wp-content\\\/uploads\\\/2025\\\/11\\\/logo-yoast.png\",\"width\":696,\"height\":696,\"caption\":\"The Campbell Law Group\"},\"image\":{\"@id\":\"https:\\\/\\\/tclgfirm.com\\\/#\\\/schema\\\/logo\\\/image\\\/\"},\"sameAs\":[\"https:\\\/\\\/www.facebook.com\\\/businessattorneymiami\\\/\",\"https:\\\/\\\/x.com\\\/Campbelllawgrp\"]}]}<\/script>\n<!-- \/ Yoast SEO Premium plugin. -->","yoast_head_json":{"title":"La zona legal (S1:E3): Medidas que deben tomar los empleadores para mitigar el riesgo - TCLG - The Campbell Law Group","robots":{"index":"index","follow":"follow","max-snippet":"max-snippet:-1","max-image-preview":"max-image-preview:large","max-video-preview":"max-video-preview:-1"},"canonical":"https:\/\/tclgfirm.com\/es\/podcast\/la-zona-legal-s1e3-medidas-que-deben-tomar-los-empleadores-para-mitigar-el-riesgo\/","og_locale":"es_MX","og_type":"article","og_title":"The Legal Zone (S1:E3): Steps for Employers to Take to Mitigate Risk","og_description":"In this video, Attorney Regina Campbell, of The Campbell Law Group, PA, discusses overtime claims, misclassification of employees, the importance of timekeeping records, and crucial company policies, including Covid-related policies.","og_url":"https:\/\/tclgfirm.com\/es\/podcast\/la-zona-legal-s1e3-medidas-que-deben-tomar-los-empleadores-para-mitigar-el-riesgo\/","og_site_name":"TCLG - The Campbell Law Group","article_publisher":"https:\/\/www.facebook.com\/businessattorneymiami\/","article_modified_time":"2026-03-09T16:47:44+00:00","og_image":[{"width":1280,"height":720,"url":"https:\/\/tclgfirm.com\/wp-content\/uploads\/2025\/10\/the-legal-zone-season-1-episode-3-steps-for-employers-to-take-to-mitigate-risk-mxJMtVgk9jM.jpg","type":"image\/jpeg"}],"twitter_card":"summary_large_image","twitter_site":"@Campbelllawgrp","twitter_misc":{"Est. reading time":"1 minuto"},"schema":{"@context":"https:\/\/schema.org","@graph":[{"@type":"WebPage","@id":"https:\/\/tclgfirm.com\/podcast\/the-legal-zone-s1e3-steps-for-employers-to-take-to-mitigate-risk\/","url":"https:\/\/tclgfirm.com\/podcast\/the-legal-zone-s1e3-steps-for-employers-to-take-to-mitigate-risk\/","name":"La zona legal (S1:E3): Medidas que deben tomar los empleadores para mitigar el riesgo - TCLG - The Campbell Law Group","isPartOf":{"@id":"https:\/\/tclgfirm.com\/#website"},"primaryImageOfPage":{"@id":"https:\/\/tclgfirm.com\/podcast\/the-legal-zone-s1e3-steps-for-employers-to-take-to-mitigate-risk\/#primaryimage"},"image":{"@id":"https:\/\/tclgfirm.com\/podcast\/the-legal-zone-s1e3-steps-for-employers-to-take-to-mitigate-risk\/#primaryimage"},"thumbnailUrl":"https:\/\/tclgfirm.com\/wp-content\/uploads\/2025\/10\/the-legal-zone-season-1-episode-3-steps-for-employers-to-take-to-mitigate-risk-mxJMtVgk9jM.jpg","datePublished":"2021-08-11T00:39:47+00:00","dateModified":"2026-03-09T16:47:44+00:00","breadcrumb":{"@id":"https:\/\/tclgfirm.com\/podcast\/the-legal-zone-s1e3-steps-for-employers-to-take-to-mitigate-risk\/#breadcrumb"},"inLanguage":"es","potentialAction":[{"@type":"ReadAction","target":["https:\/\/tclgfirm.com\/podcast\/the-legal-zone-s1e3-steps-for-employers-to-take-to-mitigate-risk\/"]}]},{"@type":"ImageObject","inLanguage":"es","@id":"https:\/\/tclgfirm.com\/podcast\/the-legal-zone-s1e3-steps-for-employers-to-take-to-mitigate-risk\/#primaryimage","url":"https:\/\/tclgfirm.com\/wp-content\/uploads\/2025\/10\/the-legal-zone-season-1-episode-3-steps-for-employers-to-take-to-mitigate-risk-mxJMtVgk9jM.jpg","contentUrl":"https:\/\/tclgfirm.com\/wp-content\/uploads\/2025\/10\/the-legal-zone-season-1-episode-3-steps-for-employers-to-take-to-mitigate-risk-mxJMtVgk9jM.jpg","width":1280,"height":720},{"@type":"BreadcrumbList","@id":"https:\/\/tclgfirm.com\/podcast\/the-legal-zone-s1e3-steps-for-employers-to-take-to-mitigate-risk\/#breadcrumb","itemListElement":[{"@type":"ListItem","position":1,"name":"Home","item":"https:\/\/tclgfirm.com\/"},{"@type":"ListItem","position":2,"name":"The Legal Zone (S1:E3): Steps for Employers to Take to Mitigate Risk"}]},{"@type":"WebSite","@id":"https:\/\/tclgfirm.com\/#website","url":"https:\/\/tclgfirm.com\/","name":"Derecho mercantil y corporativo de TCLG","description":"Derecho mercantil y corporativo","publisher":{"@id":"https:\/\/tclgfirm.com\/#organization"},"potentialAction":[{"@type":"SearchAction","target":{"@type":"EntryPoint","urlTemplate":"https:\/\/tclgfirm.com\/?s={search_term_string}"},"query-input":{"@type":"PropertyValueSpecification","valueRequired":true,"valueName":"search_term_string"}}],"inLanguage":"es"},{"@type":"Organization","@id":"https:\/\/tclgfirm.com\/#organization","name":"El Grupo Jur\u00eddico Campbell","alternateName":"TCLG","url":"https:\/\/tclgfirm.com\/","logo":{"@type":"ImageObject","inLanguage":"es","@id":"https:\/\/tclgfirm.com\/#\/schema\/logo\/image\/","url":"https:\/\/tclgfirm.com\/wp-content\/uploads\/2025\/11\/logo-yoast.png","contentUrl":"https:\/\/tclgfirm.com\/wp-content\/uploads\/2025\/11\/logo-yoast.png","width":696,"height":696,"caption":"The Campbell Law Group"},"image":{"@id":"https:\/\/tclgfirm.com\/#\/schema\/logo\/image\/"},"sameAs":["https:\/\/www.facebook.com\/businessattorneymiami\/","https:\/\/x.com\/Campbelllawgrp"]}]}},"_links":{"self":[{"href":"https:\/\/tclgfirm.com\/es\/wp-json\/wp\/v2\/podcast\/29075","targetHints":{"allow":["GET"]}}],"collection":[{"href":"https:\/\/tclgfirm.com\/es\/wp-json\/wp\/v2\/podcast"}],"about":[{"href":"https:\/\/tclgfirm.com\/es\/wp-json\/wp\/v2\/types\/podcast"}],"wp:featuredmedia":[{"embeddable":true,"href":"https:\/\/tclgfirm.com\/es\/wp-json\/wp\/v2\/media\/29076"}],"wp:attachment":[{"href":"https:\/\/tclgfirm.com\/es\/wp-json\/wp\/v2\/media?parent=29075"}],"wp:term":[{"taxonomy":"category","embeddable":true,"href":"https:\/\/tclgfirm.com\/es\/wp-json\/wp\/v2\/categories?post=29075"},{"taxonomy":"post_tag","embeddable":true,"href":"https:\/\/tclgfirm.com\/es\/wp-json\/wp\/v2\/tags?post=29075"}],"curies":[{"name":"wp","href":"https:\/\/api.w.org\/{rel}","templated":true}]}}