{"id":29113,"date":"2022-10-04T05:49:29","date_gmt":"2022-10-04T09:49:29","guid":{"rendered":"https:\/\/tclgdev.wpenginepowered.com\/podcast\/the-legal-zone-season-2-episode-7-miamitech-through-the-business-lens\/"},"modified":"2026-03-09T12:47:39","modified_gmt":"2026-03-09T16:47:39","slug":"the-legal-zone-temporada-2-episodio-7-miamitech-a-traves-de-la-lente-empresarial","status":"publish","type":"podcast","link":"https:\/\/tclgfirm.com\/es\/podcast\/the-legal-zone-season-2-episode-7-miamitech-through-the-business-lens\/","title":{"rendered":"La zona legal (S2:E7): #MiamiTech a trav\u00e9s de la lente empresarial"},"content":{"rendered":"<p><iframe loading=\"lazy\" title=\"La Zona Legal (Temporada 2, Episodio 7): #MiamiTech a trav\u00e9s de la lente empresarial\" width=\"1080\" height=\"608\" src=\"https:\/\/www.youtube.com\/embed\/u9PIwTWMB58?feature=oembed\"  allow=\"accelerometer; autoplay; clipboard-write; encrypted-media; gyroscope; picture-in-picture; web-share\" referrerpolicy=\"strict-origin-when-cross-origin\" allowfullscreen><\/iframe><\/p>\n<p>La abogada principal de Campbell Law Group, Regina Campbell, analiza #MiamiTech Through the Business Lens con las ponentes invitadas Joycelyn Brown, abogada y directora de IPS Legal Group, y Leigh-Ann Buchanan, abogada y presidenta de Aire Ventures.<\/p>\n<p>Joycelyn Brown es abogada gerente en el bufete internacional especializado en derecho inmobiliario IPS Legal Group P.A., con sede en Miami. Se licenci\u00f3 en Derecho por la Facultad de Derecho de la Universidad de Miami en 2008. Tras finalizar sus estudios, la Sra. Brown trabaj\u00f3 como asociada en uno de los bufetes m\u00e1s respetados de Florida, donde represent\u00f3 a empresas en diversos asuntos, entre ellos disputas sobre propiedad intelectual y contratos, litigios complejos y asuntos laborales. En 2015, la Sra. Brown fue reconocida como una de las 40 mejores profesionales afroamericanas menores de 40 a\u00f1os de Miami. La Sra. Brown tambi\u00e9n es profesora adjunta en el Miami-Dade College.<br \/>\nLeigh-Ann Buchanan es presidenta de a\u012bre ventures, un estudio de emprendimientos de impacto social, y es escritora, facilitadora y una solicitada asesora estrat\u00e9gica que ayuda a los l\u00edderes a desarrollar estrategias REDI que aprovechan la tecnolog\u00eda, la innovaci\u00f3n y el dise\u00f1o social para acelerar el cambio organizacional y comunitario. Ha desarrollado contenidos y soluciones para l\u00edderes del sector p\u00fablico y privado, entre los que se incluyen Google, Facebook, Delta, P&amp;G Ventures, AirBnB, HSBC y UBS. Sus ideas y contribuciones han aparecido en el NY Times, Inc. Magazine, NPR, Bloomberg, la Asociaci\u00f3n Americana de Psicolog\u00eda, ABA Law Journal y otros medios.<\/p>\n<p>The Campbell Law Group P.A. mientras representa a clientes ya sea en asuntos civiles, corporativos, comerciales, laborales o de derecho de familia, el objetivo principal de nuestra empresa es en primer lugar ayudar a los clientes a minimizar la necesidad de litigios y conflictos innecesarios siempre que sea posible. Si el litigio es necesario, nuestra empresa est\u00e1 m\u00e1s que capacitada para representarle a usted o a los intereses de su empresa y ayudarle a conseguir un resultado justo, a la vez que le guiamos a usted, a su familia y a su empresa a trav\u00e9s de las dificultades que conlleva un litigio.<\/p>\n<p>P\u00f3ngase en contacto con nosotros llamando a nuestras oficinas al (305) 460-0145 o envi\u00e1ndonos un correo electr\u00f3nico a <a href=\"mailto:service@tclgfirm.com\">service@tclgfirm.com<\/a>.<\/p>","protected":false},"excerpt":{"rendered":"<p>La abogada principal de Campbell Law Group, Regina Campbell, analiza #MiamiTech Through the Business Lens con las ponentes invitadas Joycelyn Brown, abogada y directora de IPS Legal Group, y Leigh-Ann Buchanan, abogada y presidenta de Aire Ventures.<\/p>","protected":false},"featured_media":29114,"template":"","format":"standard","meta":{"_acf_changed":false},"categories":[7,49,50],"tags":[63],"class_list":["post-29113","podcast","type-podcast","status-publish","format-standard","has-post-thumbnail","hentry","category-business-and-commercial-transactions","category-podcasts","category-the-legal-zone-podcast","tag-the-legal-zone-podcast"],"acf":[],"yoast_head":"<!-- This site is optimized with the Yoast SEO Premium plugin v27.5 (Yoast SEO v27.5) - https:\/\/yoast.com\/product\/yoast-seo-premium-wordpress\/ -->\n<title>The Legal Zone (S2:E7): #MiamiTech Through the Business Lens - TCLG - The Campbell Law Group<\/title>\n<meta name=\"robots\" content=\"index, follow, max-snippet:-1, max-image-preview:large, max-video-preview:-1\" \/>\n<link rel=\"canonical\" href=\"https:\/\/tclgfirm.com\/es\/podcast\/the-legal-zone-temporada-2-episodio-7-miamitech-a-traves-de-la-lente-empresarial\/\" \/>\n<meta property=\"og:locale\" content=\"es_MX\" \/>\n<meta property=\"og:type\" content=\"article\" \/>\n<meta property=\"og:title\" content=\"The Legal Zone (S2:E7): #MiamiTech Through the Business Lens\" \/>\n<meta property=\"og:description\" content=\"Principal Attorney of the Campbell Law Group, Regina Campbell, discusses #MiamiTech Through the Business Lens with Guest Speakers Joycelyn Brown, Esq \u2013 Managing Attorney of IPS Legal Group and Leigh-Ann Buchanan, Esq. \u2013 President of Aire Ventures.\" \/>\n<meta property=\"og:url\" content=\"https:\/\/tclgfirm.com\/es\/podcast\/the-legal-zone-temporada-2-episodio-7-miamitech-a-traves-de-la-lente-empresarial\/\" \/>\n<meta property=\"og:site_name\" content=\"TCLG - The Campbell Law Group\" \/>\n<meta property=\"article:publisher\" content=\"https:\/\/www.facebook.com\/businessattorneymiami\/\" \/>\n<meta property=\"article:modified_time\" content=\"2026-03-09T16:47:39+00:00\" \/>\n<meta property=\"og:image\" content=\"https:\/\/tclgfirm.com\/wp-content\/uploads\/2025\/10\/the-legal-zone-season-2-episode-7-miamitech-through-the-business-lens-u9PIwTWMB58.jpg\" \/>\n\t<meta property=\"og:image:width\" content=\"1280\" \/>\n\t<meta property=\"og:image:height\" content=\"720\" \/>\n\t<meta property=\"og:image:type\" content=\"image\/jpeg\" \/>\n<meta name=\"twitter:card\" content=\"summary_large_image\" \/>\n<meta name=\"twitter:site\" content=\"@Campbelllawgrp\" \/>\n<meta name=\"twitter:label1\" content=\"Est. reading time\" \/>\n\t<meta name=\"twitter:data1\" content=\"2 minutos\" \/>\n<script type=\"application\/ld+json\" class=\"yoast-schema-graph\">{\"@context\":\"https:\\\/\\\/schema.org\",\"@graph\":[{\"@type\":\"WebPage\",\"@id\":\"https:\\\/\\\/tclgfirm.com\\\/podcast\\\/the-legal-zone-season-2-episode-7-miamitech-through-the-business-lens\\\/\",\"url\":\"https:\\\/\\\/tclgfirm.com\\\/podcast\\\/the-legal-zone-season-2-episode-7-miamitech-through-the-business-lens\\\/\",\"name\":\"The Legal Zone (S2:E7): #MiamiTech Through the Business Lens - TCLG - The Campbell Law Group\",\"isPartOf\":{\"@id\":\"https:\\\/\\\/tclgfirm.com\\\/#website\"},\"primaryImageOfPage\":{\"@id\":\"https:\\\/\\\/tclgfirm.com\\\/podcast\\\/the-legal-zone-season-2-episode-7-miamitech-through-the-business-lens\\\/#primaryimage\"},\"image\":{\"@id\":\"https:\\\/\\\/tclgfirm.com\\\/podcast\\\/the-legal-zone-season-2-episode-7-miamitech-through-the-business-lens\\\/#primaryimage\"},\"thumbnailUrl\":\"https:\\\/\\\/tclgfirm.com\\\/wp-content\\\/uploads\\\/2025\\\/10\\\/the-legal-zone-season-2-episode-7-miamitech-through-the-business-lens-u9PIwTWMB58.jpg\",\"datePublished\":\"2022-10-04T09:49:29+00:00\",\"dateModified\":\"2026-03-09T16:47:39+00:00\",\"breadcrumb\":{\"@id\":\"https:\\\/\\\/tclgfirm.com\\\/podcast\\\/the-legal-zone-season-2-episode-7-miamitech-through-the-business-lens\\\/#breadcrumb\"},\"inLanguage\":\"es\",\"potentialAction\":[{\"@type\":\"ReadAction\",\"target\":[\"https:\\\/\\\/tclgfirm.com\\\/podcast\\\/the-legal-zone-season-2-episode-7-miamitech-through-the-business-lens\\\/\"]}]},{\"@type\":\"ImageObject\",\"inLanguage\":\"es\",\"@id\":\"https:\\\/\\\/tclgfirm.com\\\/podcast\\\/the-legal-zone-season-2-episode-7-miamitech-through-the-business-lens\\\/#primaryimage\",\"url\":\"https:\\\/\\\/tclgfirm.com\\\/wp-content\\\/uploads\\\/2025\\\/10\\\/the-legal-zone-season-2-episode-7-miamitech-through-the-business-lens-u9PIwTWMB58.jpg\",\"contentUrl\":\"https:\\\/\\\/tclgfirm.com\\\/wp-content\\\/uploads\\\/2025\\\/10\\\/the-legal-zone-season-2-episode-7-miamitech-through-the-business-lens-u9PIwTWMB58.jpg\",\"width\":1280,\"height\":720},{\"@type\":\"BreadcrumbList\",\"@id\":\"https:\\\/\\\/tclgfirm.com\\\/podcast\\\/the-legal-zone-season-2-episode-7-miamitech-through-the-business-lens\\\/#breadcrumb\",\"itemListElement\":[{\"@type\":\"ListItem\",\"position\":1,\"name\":\"Home\",\"item\":\"https:\\\/\\\/tclgfirm.com\\\/\"},{\"@type\":\"ListItem\",\"position\":2,\"name\":\"The Legal Zone (S2:E7): #MiamiTech Through the Business Lens\"}]},{\"@type\":\"WebSite\",\"@id\":\"https:\\\/\\\/tclgfirm.com\\\/#website\",\"url\":\"https:\\\/\\\/tclgfirm.com\\\/\",\"name\":\"TCLG Business & Corporate Law\",\"description\":\"Business &amp; Corporate Law\",\"publisher\":{\"@id\":\"https:\\\/\\\/tclgfirm.com\\\/#organization\"},\"potentialAction\":[{\"@type\":\"SearchAction\",\"target\":{\"@type\":\"EntryPoint\",\"urlTemplate\":\"https:\\\/\\\/tclgfirm.com\\\/?s={search_term_string}\"},\"query-input\":{\"@type\":\"PropertyValueSpecification\",\"valueRequired\":true,\"valueName\":\"search_term_string\"}}],\"inLanguage\":\"es\"},{\"@type\":\"Organization\",\"@id\":\"https:\\\/\\\/tclgfirm.com\\\/#organization\",\"name\":\"The Campbell Law Group\",\"alternateName\":\"TCLG\",\"url\":\"https:\\\/\\\/tclgfirm.com\\\/\",\"logo\":{\"@type\":\"ImageObject\",\"inLanguage\":\"es\",\"@id\":\"https:\\\/\\\/tclgfirm.com\\\/#\\\/schema\\\/logo\\\/image\\\/\",\"url\":\"https:\\\/\\\/tclgfirm.com\\\/wp-content\\\/uploads\\\/2025\\\/11\\\/logo-yoast.png\",\"contentUrl\":\"https:\\\/\\\/tclgfirm.com\\\/wp-content\\\/uploads\\\/2025\\\/11\\\/logo-yoast.png\",\"width\":696,\"height\":696,\"caption\":\"The Campbell Law Group\"},\"image\":{\"@id\":\"https:\\\/\\\/tclgfirm.com\\\/#\\\/schema\\\/logo\\\/image\\\/\"},\"sameAs\":[\"https:\\\/\\\/www.facebook.com\\\/businessattorneymiami\\\/\",\"https:\\\/\\\/x.com\\\/Campbelllawgrp\"]}]}<\/script>\n<!-- \/ Yoast SEO Premium plugin. -->","yoast_head_json":{"title":"The Legal Zone (S2:E7): #MiamiTech A trav\u00e9s de la lente empresarial - TCLG - The Campbell Law Group","robots":{"index":"index","follow":"follow","max-snippet":"max-snippet:-1","max-image-preview":"max-image-preview:large","max-video-preview":"max-video-preview:-1"},"canonical":"https:\/\/tclgfirm.com\/es\/podcast\/the-legal-zone-temporada-2-episodio-7-miamitech-a-traves-de-la-lente-empresarial\/","og_locale":"es_MX","og_type":"article","og_title":"The Legal Zone (S2:E7): #MiamiTech Through the Business Lens","og_description":"Principal Attorney of the Campbell Law Group, Regina Campbell, discusses #MiamiTech Through the Business Lens with Guest Speakers Joycelyn Brown, Esq \u2013 Managing Attorney of IPS Legal Group and Leigh-Ann Buchanan, Esq. \u2013 President of Aire Ventures.","og_url":"https:\/\/tclgfirm.com\/es\/podcast\/the-legal-zone-temporada-2-episodio-7-miamitech-a-traves-de-la-lente-empresarial\/","og_site_name":"TCLG - The Campbell Law Group","article_publisher":"https:\/\/www.facebook.com\/businessattorneymiami\/","article_modified_time":"2026-03-09T16:47:39+00:00","og_image":[{"width":1280,"height":720,"url":"https:\/\/tclgfirm.com\/wp-content\/uploads\/2025\/10\/the-legal-zone-season-2-episode-7-miamitech-through-the-business-lens-u9PIwTWMB58.jpg","type":"image\/jpeg"}],"twitter_card":"summary_large_image","twitter_site":"@Campbelllawgrp","twitter_misc":{"Est. reading time":"2 minutos"},"schema":{"@context":"https:\/\/schema.org","@graph":[{"@type":"WebPage","@id":"https:\/\/tclgfirm.com\/podcast\/the-legal-zone-season-2-episode-7-miamitech-through-the-business-lens\/","url":"https:\/\/tclgfirm.com\/podcast\/the-legal-zone-season-2-episode-7-miamitech-through-the-business-lens\/","name":"The Legal Zone (S2:E7): #MiamiTech A trav\u00e9s de la lente empresarial - TCLG - The Campbell Law Group","isPartOf":{"@id":"https:\/\/tclgfirm.com\/#website"},"primaryImageOfPage":{"@id":"https:\/\/tclgfirm.com\/podcast\/the-legal-zone-season-2-episode-7-miamitech-through-the-business-lens\/#primaryimage"},"image":{"@id":"https:\/\/tclgfirm.com\/podcast\/the-legal-zone-season-2-episode-7-miamitech-through-the-business-lens\/#primaryimage"},"thumbnailUrl":"https:\/\/tclgfirm.com\/wp-content\/uploads\/2025\/10\/the-legal-zone-season-2-episode-7-miamitech-through-the-business-lens-u9PIwTWMB58.jpg","datePublished":"2022-10-04T09:49:29+00:00","dateModified":"2026-03-09T16:47:39+00:00","breadcrumb":{"@id":"https:\/\/tclgfirm.com\/podcast\/the-legal-zone-season-2-episode-7-miamitech-through-the-business-lens\/#breadcrumb"},"inLanguage":"es","potentialAction":[{"@type":"ReadAction","target":["https:\/\/tclgfirm.com\/podcast\/the-legal-zone-season-2-episode-7-miamitech-through-the-business-lens\/"]}]},{"@type":"ImageObject","inLanguage":"es","@id":"https:\/\/tclgfirm.com\/podcast\/the-legal-zone-season-2-episode-7-miamitech-through-the-business-lens\/#primaryimage","url":"https:\/\/tclgfirm.com\/wp-content\/uploads\/2025\/10\/the-legal-zone-season-2-episode-7-miamitech-through-the-business-lens-u9PIwTWMB58.jpg","contentUrl":"https:\/\/tclgfirm.com\/wp-content\/uploads\/2025\/10\/the-legal-zone-season-2-episode-7-miamitech-through-the-business-lens-u9PIwTWMB58.jpg","width":1280,"height":720},{"@type":"BreadcrumbList","@id":"https:\/\/tclgfirm.com\/podcast\/the-legal-zone-season-2-episode-7-miamitech-through-the-business-lens\/#breadcrumb","itemListElement":[{"@type":"ListItem","position":1,"name":"Home","item":"https:\/\/tclgfirm.com\/"},{"@type":"ListItem","position":2,"name":"The Legal Zone (S2:E7): #MiamiTech Through the Business Lens"}]},{"@type":"WebSite","@id":"https:\/\/tclgfirm.com\/#website","url":"https:\/\/tclgfirm.com\/","name":"Derecho mercantil y corporativo de TCLG","description":"Derecho mercantil y corporativo","publisher":{"@id":"https:\/\/tclgfirm.com\/#organization"},"potentialAction":[{"@type":"SearchAction","target":{"@type":"EntryPoint","urlTemplate":"https:\/\/tclgfirm.com\/?s={search_term_string}"},"query-input":{"@type":"PropertyValueSpecification","valueRequired":true,"valueName":"search_term_string"}}],"inLanguage":"es"},{"@type":"Organization","@id":"https:\/\/tclgfirm.com\/#organization","name":"El Grupo Jur\u00eddico Campbell","alternateName":"TCLG","url":"https:\/\/tclgfirm.com\/","logo":{"@type":"ImageObject","inLanguage":"es","@id":"https:\/\/tclgfirm.com\/#\/schema\/logo\/image\/","url":"https:\/\/tclgfirm.com\/wp-content\/uploads\/2025\/11\/logo-yoast.png","contentUrl":"https:\/\/tclgfirm.com\/wp-content\/uploads\/2025\/11\/logo-yoast.png","width":696,"height":696,"caption":"The Campbell Law Group"},"image":{"@id":"https:\/\/tclgfirm.com\/#\/schema\/logo\/image\/"},"sameAs":["https:\/\/www.facebook.com\/businessattorneymiami\/","https:\/\/x.com\/Campbelllawgrp"]}]}},"_links":{"self":[{"href":"https:\/\/tclgfirm.com\/es\/wp-json\/wp\/v2\/podcast\/29113","targetHints":{"allow":["GET"]}}],"collection":[{"href":"https:\/\/tclgfirm.com\/es\/wp-json\/wp\/v2\/podcast"}],"about":[{"href":"https:\/\/tclgfirm.com\/es\/wp-json\/wp\/v2\/types\/podcast"}],"wp:featuredmedia":[{"embeddable":true,"href":"https:\/\/tclgfirm.com\/es\/wp-json\/wp\/v2\/media\/29114"}],"wp:attachment":[{"href":"https:\/\/tclgfirm.com\/es\/wp-json\/wp\/v2\/media?parent=29113"}],"wp:term":[{"taxonomy":"category","embeddable":true,"href":"https:\/\/tclgfirm.com\/es\/wp-json\/wp\/v2\/categories?post=29113"},{"taxonomy":"post_tag","embeddable":true,"href":"https:\/\/tclgfirm.com\/es\/wp-json\/wp\/v2\/tags?post=29113"}],"curies":[{"name":"wp","href":"https:\/\/api.w.org\/{rel}","templated":true}]}}